{"id":47,"date":"2015-10-06T08:39:31","date_gmt":"2015-10-06T06:39:31","guid":{"rendered":"http:\/\/yvonnewaern.se\/?page_id=47"},"modified":"2016-01-05T22:46:05","modified_gmt":"2016-01-05T21:46:05","slug":"minnen","status":"publish","type":"page","link":"https:\/\/yvonnewaern.se\/index.php\/minnen\/","title":{"rendered":"F\u00f6rlorat f\u00f6rg\u00e5nget"},"content":{"rendered":"<p><strong>F\u00f6rlorat f\u00f6rg\u00e5nget<\/strong><\/p>\n<p>Mamma brukade ber\u00e4tta f\u00f6r mig om sin barndom. N\u00e4r jag s\u00e5lde hennes sommarhus hittade jag en minnesbok som min mormor skrivit. Av dessa fragment blev det en bok. En liten flicka mitt i f\u00f6rsta v\u00e4rldskriget. Ett officersbarn in i ryska revolutionen. Fall fr\u00e5n h\u00f6g niv\u00e5 ner i l\u00e5g. Sorg och kamp. Ett f\u00f6rg\u00e5nget som blev f\u00f6rlorat.<\/p>\n<p>Boken kostar 100:- och kan k\u00f6pas direkt fr\u00e5n mig. Skriv ett ebrev till: yvonne.waern@gmail.com eller en kommentar h\u00e4r.<\/p>\n<p><a href=\"http:\/\/yvonnewaern.se\/wp-content\/uploads\/2015\/10\/Waern-Yvonne-F\u00f6rlorat-f\u00f6rg\u00e5nget-Omslag.jpg\"><img loading=\"lazy\" decoding=\"async\" class=\"alignnone size-medium wp-image-22\" src=\"http:\/\/yvonnewaern.se\/wp-content\/uploads\/2015\/10\/Waern-Yvonne-F\u00f6rlorat-f\u00f6rg\u00e5nget-Omslag-187x300.jpg\" alt=\"Waern, Yvonne - F\u00f6rlorat f\u00f6rg\u00e5nget Omslag\" width=\"187\" height=\"300\" srcset=\"https:\/\/yvonnewaern.se\/wp-content\/uploads\/2015\/10\/Waern-Yvonne-F\u00f6rlorat-f\u00f6rg\u00e5nget-Omslag-187x300.jpg 187w, https:\/\/yvonnewaern.se\/wp-content\/uploads\/2015\/10\/Waern-Yvonne-F\u00f6rlorat-f\u00f6rg\u00e5nget-Omslag.jpg 354w\" sizes=\"auto, (max-width: 187px) 100vw, 187px\" \/><\/a><\/p>\n","protected":false},"excerpt":{"rendered":"<p>F\u00f6rlorat f\u00f6rg\u00e5nget Mamma brukade ber\u00e4tta f\u00f6r mig om sin barndom. N\u00e4r jag s\u00e5lde hennes sommarhus hittade jag en minnesbok som min mormor skrivit. Av dessa fragment blev det en bok. En liten flicka mitt i f\u00f6rsta v\u00e4rldskriget. Ett officersbarn in i ryska revolutionen. Fall fr\u00e5n h\u00f6g niv\u00e5 ner i l\u00e5g. Sorg och kamp. Ett f\u00f6rg\u00e5nget &hellip; <a href=\"https:\/\/yvonnewaern.se\/index.php\/minnen\/\" class=\"more-link\">Forts\u00e4tt l\u00e4sa <span class=\"screen-reader-text\">F\u00f6rlorat f\u00f6rg\u00e5nget<\/span> <span class=\"meta-nav\">&rarr;<\/span><\/a><\/p>\n","protected":false},"author":1,"featured_media":0,"parent":0,"menu_order":1,"comment_status":"closed","ping_status":"closed","template":"","meta":{"footnotes":""},"class_list":["post-47","page","type-page","status-publish","hentry"],"_links":{"self":[{"href":"https:\/\/yvonnewaern.se\/index.php\/wp-json\/wp\/v2\/pages\/47","targetHints":{"allow":["GET"]}}],"collection":[{"href":"https:\/\/yvonnewaern.se\/index.php\/wp-json\/wp\/v2\/pages"}],"about":[{"href":"https:\/\/yvonnewaern.se\/index.php\/wp-json\/wp\/v2\/types\/page"}],"author":[{"embeddable":true,"href":"https:\/\/yvonnewaern.se\/index.php\/wp-json\/wp\/v2\/users\/1"}],"replies":[{"embeddable":true,"href":"https:\/\/yvonnewaern.se\/index.php\/wp-json\/wp\/v2\/comments?post=47"}],"version-history":[{"count":5,"href":"https:\/\/yvonnewaern.se\/index.php\/wp-json\/wp\/v2\/pages\/47\/revisions"}],"predecessor-version":[{"id":308,"href":"https:\/\/yvonnewaern.se\/index.php\/wp-json\/wp\/v2\/pages\/47\/revisions\/308"}],"wp:attachment":[{"href":"https:\/\/yvonnewaern.se\/index.php\/wp-json\/wp\/v2\/media?parent=47"}],"curies":[{"name":"wp","href":"https:\/\/api.w.org\/{rel}","templated":true}]}}